{"id":2106,"date":"2023-05-31T17:18:48","date_gmt":"2023-05-31T15:18:48","guid":{"rendered":"https:\/\/teselainnova.com\/tesela\/politiques-et-certifications\/"},"modified":"2026-09-01T11:53:16","modified_gmt":"2026-09-01T09:53:16","slug":"politiques-et-certifications","status":"publish","type":"page","link":"https:\/\/teselainnova.com\/fr\/decouvrez-nous\/politiques-et-certifications\/","title":{"rendered":"Politiques et certifications"},"content":{"rendered":"\n<p class=\"wp-block-paragraph\">TESELA s&rsquo;engage en faveur de la qualit\u00e9, de la gestion environnementale, de l&rsquo;innovation et de l&rsquo;am\u00e9lioration continue. Sur cette page, vous pouvez consulter nos certifications, nos politiques d&rsquo;entreprise et nos autres distinctions, ainsi que t\u00e9l\u00e9charger les documents justificatifs correspondants. <\/p>\n\n<h2 class=\"wp-block-heading\">Certifications en mati\u00e8re de qualit\u00e9, d&rsquo;environnement et d&rsquo;innovation<\/h2>\n\n<div class=\"wp-block-columns is-layout-flex wp-container-core-columns-is-layout-7387b849 wp-block-columns-is-layout-flex\">\n<div class=\"wp-block-column is-layout-flow wp-block-column-is-layout-flow\" style=\"flex-basis:33.33%\">\n<figure class=\"wp-block-image aligncenter size-full is-resized\"><a href=\"https:\/\/teselainnova.com\/wp-content\/uploads\/2025\/09\/11393-Tesela-9001-2025-09.doc.pdf\" target=\"_blank\" rel=\" noreferrer noopener\"><img decoding=\"async\" width=\"504\" height=\"642\" src=\"https:\/\/teselainnova.com\/wp-content\/uploads\/2025\/09\/11393_9001_194465_11012023_IMAGE_COLOR.png\" alt=\"T&#xE9;l&#xE9;charger le certificat ISO 9001:2015 de TESELA\" class=\"wp-image-6832\" style=\"aspect-ratio:0.7850864483724525;width:166px;height:auto\" title=\"\" srcset=\"https:\/\/teselainnova.com\/wp-content\/uploads\/2025\/09\/11393_9001_194465_11012023_IMAGE_COLOR.png 504w, https:\/\/teselainnova.com\/wp-content\/uploads\/2025\/09\/11393_9001_194465_11012023_IMAGE_COLOR-236x300.png 236w, https:\/\/teselainnova.com\/wp-content\/uploads\/2025\/09\/11393_9001_194465_11012023_IMAGE_COLOR-350x445.png 350w\" sizes=\"(max-width: 504px) 100vw, 504px\" \/><\/a><\/figure>\n<\/div>\n\n\n\n<div class=\"wp-block-column is-layout-flow wp-block-column-is-layout-flow\" style=\"flex-basis:66.66%\">\n<div class=\"wp-block-group is-layout-constrained wp-block-group-is-layout-constrained\">\n<div class=\"wp-block-group is-layout-constrained wp-block-group-is-layout-constrained\">\n<div class=\"wp-block-group is-layout-constrained wp-block-group-is-layout-constrained\">\n<h3 class=\"wp-block-heading\">ISO 9001:2015 \u2013 Syst\u00e8me de gestion de la qualit\u00e9<\/h3>\n\n\n\n<p class=\"wp-block-paragraph\">EQA a certifi\u00e9 la conformit\u00e9 du syst\u00e8me de gestion de TESELA \u00e0 la norme ISO 9001:2015. Son champ d&rsquo;application comprend : <\/p>\n\n\n\n<ul class=\"wp-block-list\">\n<li>Prestation de services de caract\u00e9risation des mat\u00e9riaux de construction. <\/li>\n\n\n\n<li>D\u00e9veloppement de projets de R&amp;D sur les mati\u00e8res premi\u00e8res et les mat\u00e9riaux de construction.<\/li>\n<\/ul>\n\n\n\n<p class=\"wp-block-paragraph\">Cliquez sur le logo pour consulter et t\u00e9l\u00e9charger le certificat.<\/p>\n<\/div>\n<\/div>\n<\/div>\n<\/div>\n<\/div>\n\n<div class=\"wp-block-columns is-layout-flex wp-container-core-columns-is-layout-7387b849 wp-block-columns-is-layout-flex\">\n<div class=\"wp-block-column is-layout-flow wp-block-column-is-layout-flow\" style=\"flex-basis:33.33%\">\n<figure class=\"wp-block-image aligncenter size-full is-resized\"><a href=\"https:\/\/teselainnova.com\/wp-content\/uploads\/2025\/09\/11393-Tesela-ISO-56001-2025-09.pdf\" target=\"_blank\" rel=\" noreferrer noopener\"><img decoding=\"async\" width=\"504\" height=\"642\" src=\"https:\/\/teselainnova.com\/wp-content\/uploads\/2025\/09\/11393-56001-Color.png\" alt=\"T&#xE9;l&#xE9;charger le certificat ISO 56001:2024 de TESELA\" class=\"wp-image-6826\" style=\"width:166px;height:auto\" title=\"\" srcset=\"https:\/\/teselainnova.com\/wp-content\/uploads\/2025\/09\/11393-56001-Color.png 504w, https:\/\/teselainnova.com\/wp-content\/uploads\/2025\/09\/11393-56001-Color-236x300.png 236w, https:\/\/teselainnova.com\/wp-content\/uploads\/2025\/09\/11393-56001-Color-350x445.png 350w\" sizes=\"(max-width: 504px) 100vw, 504px\" \/><\/a><\/figure>\n<\/div>\n\n\n\n<div class=\"wp-block-column is-layout-flow wp-block-column-is-layout-flow\" style=\"flex-basis:66.66%\">\n<div class=\"wp-block-group is-layout-constrained wp-block-group-is-layout-constrained\">\n<div class=\"wp-block-group is-layout-constrained wp-block-group-is-layout-constrained\">\n<h3 class=\"wp-block-heading\">ISO 56001:2024 \u2013 Sistema de gesti\u00f3n de la innovaci\u00f3n<\/h3>\n\n\n\n<p class=\"wp-block-paragraph\">EQA a certifi\u00e9 la conformit\u00e9 du syst\u00e8me de gestion de TESELA \u00e0 la norme ISO 56001:2024. Son champ d&rsquo;application comprend : <\/p>\n\n\n\n<ul class=\"wp-block-list\">\n<li>D\u00e9veloppement de projets de R&amp;D sur les mati\u00e8res premi\u00e8res et les mat\u00e9riaux de construction.<\/li>\n<\/ul>\n\n\n\n<p class=\"wp-block-paragraph\">Cliquez sur le logo pour consulter et t\u00e9l\u00e9charger le certificat.<\/p>\n<\/div>\n<\/div>\n<\/div>\n<\/div>\n\n<div class=\"wp-block-columns is-layout-flex wp-container-core-columns-is-layout-7387b849 wp-block-columns-is-layout-flex\">\n<div class=\"wp-block-column is-layout-flow wp-block-column-is-layout-flow\" style=\"flex-basis:33.33%\">\n<figure class=\"wp-block-image aligncenter size-full is-resized\"><a href=\"https:\/\/teselainnova.com\/wp-content\/uploads\/2025\/09\/11393-Tesela-14001-2015-2025-09.pdf\" target=\"_blank\" rel=\" noreferrer noopener\"><img decoding=\"async\" width=\"504\" height=\"642\" src=\"https:\/\/teselainnova.com\/wp-content\/uploads\/2025\/09\/11393-14001-BN.png\" alt=\"T&#xE9;l&#xE9;charger le certificat ISO 14001:2015 de TESELA\" class=\"wp-image-6829\" style=\"width:166px;height:auto\" title=\"\" srcset=\"https:\/\/teselainnova.com\/wp-content\/uploads\/2025\/09\/11393-14001-BN.png 504w, https:\/\/teselainnova.com\/wp-content\/uploads\/2025\/09\/11393-14001-BN-236x300.png 236w, https:\/\/teselainnova.com\/wp-content\/uploads\/2025\/09\/11393-14001-BN-350x445.png 350w\" sizes=\"(max-width: 504px) 100vw, 504px\" \/><\/a><\/figure>\n<\/div>\n\n\n\n<div class=\"wp-block-column is-layout-flow wp-block-column-is-layout-flow\" style=\"flex-basis:66.66%\">\n<div class=\"wp-block-group is-layout-constrained wp-block-group-is-layout-constrained\">\n<div class=\"wp-block-group is-layout-constrained wp-block-group-is-layout-constrained\">\n<h3 class=\"wp-block-heading\">ISO 14001:2015 \u2013 Syst\u00e8me de management environnemental<\/h3>\n\n\n\n<p class=\"wp-block-paragraph\">EQA a certifi\u00e9 la conformit\u00e9 du syst\u00e8me de gestion de TESELA \u00e0 la norme ISO 14001:2015. Son champ d&rsquo;application comprend : <\/p>\n\n\n\n<ul class=\"wp-block-list\">\n<li>Prestation de services de caract\u00e9risation des mat\u00e9riaux de construction. <\/li>\n\n\n\n<li>D\u00e9veloppement de projets de R&amp;D sur les mati\u00e8res premi\u00e8res et les mat\u00e9riaux de construction.<\/li>\n<\/ul>\n\n\n\n<p class=\"wp-block-paragraph\">Cliquez sur le logo pour consulter et t\u00e9l\u00e9charger le certificat.<\/p>\n<\/div>\n<\/div>\n<\/div>\n<\/div>\n\n<h2 class=\"wp-block-heading\">Distinctions et engagements de l&rsquo;entreprise<\/h2>\n\n<div class=\"wp-block-columns is-layout-flex wp-container-core-columns-is-layout-7387b849 wp-block-columns-is-layout-flex\">\n<div class=\"wp-block-column is-layout-flow wp-block-column-is-layout-flow\" style=\"flex-basis:33.33%\">\n<figure class=\"wp-block-image aligncenter size-full is-resized\"><img decoding=\"async\" width=\"1200\" height=\"1520\" src=\"https:\/\/teselainnova.com\/wp-content\/uploads\/2026\/07\/sello_pyme_innovadora_composicion_v2.png\" alt=\"Label &#xAB; PME innovante &#xBB; de TESELA\" class=\"wp-image-7542\" style=\"aspect-ratio:0.6906077348066298;width:140px;height:auto\" title=\"\" srcset=\"https:\/\/teselainnova.com\/wp-content\/uploads\/2026\/07\/sello_pyme_innovadora_composicion_v2.png 1200w, https:\/\/teselainnova.com\/wp-content\/uploads\/2026\/07\/sello_pyme_innovadora_composicion_v2-237x300.png 237w, https:\/\/teselainnova.com\/wp-content\/uploads\/2026\/07\/sello_pyme_innovadora_composicion_v2-808x1024.png 808w, https:\/\/teselainnova.com\/wp-content\/uploads\/2026\/07\/sello_pyme_innovadora_composicion_v2-768x973.png 768w, https:\/\/teselainnova.com\/wp-content\/uploads\/2026\/07\/sello_pyme_innovadora_composicion_v2-16x20.png 16w\" sizes=\"(max-width: 1200px) 100vw, 1200px\" \/><\/figure>\n<\/div>\n\n\n\n<div class=\"wp-block-column is-layout-flow wp-block-column-is-layout-flow\" style=\"flex-basis:66.66%\">\n<h3 class=\"wp-block-heading\">Label \u00ab PME innovante \u00bb<\/h3>\n\n\n\n<p class=\"wp-block-paragraph\">TESELA, Materiales Innovaci\u00f3n y Patrimonio, S.L. est inscrite depuis le 26 juillet 2026 au Registre public des petites et moyennes entreprises innovantes, conform\u00e9ment \u00e0 l&rsquo;arr\u00eat\u00e9 ECC\/1087\/2015 du 5 juin. L&rsquo;inscription porte le num\u00e9ro de dossier PYI-2026-141843-1 et le label \u00ab PME innovante \u00bb est valable jusqu&rsquo;au 7 septembre 2028.<\/p>\n<\/div>\n<\/div>\n\n<div class=\"wp-block-columns is-layout-flex wp-container-core-columns-is-layout-7387b849 wp-block-columns-is-layout-flex\">\n<div class=\"wp-block-column is-layout-flow wp-block-column-is-layout-flow\" style=\"flex-basis:33.33%\">\n<figure class=\"wp-block-image aligncenter size-full is-resized\"><a href=\"https:\/\/teselainnova.com\/wp-content\/uploads\/2026\/04\/POL01_Politica-de-CMAIDI_2026.pdf\" target=\"_blank\" rel=\"noreferrer noopener\"><img decoding=\"async\" width=\"800\" height=\"800\" src=\"https:\/\/teselainnova.com\/wp-content\/uploads\/2023\/08\/quality_policy.png\" alt=\"T&#xE9;l&#xE9;charger la politique de TESELA en mati&#xE8;re de qualit&#xE9;, d&#039;environnement et d&#039;innovation\" class=\"wp-image-1866\" style=\"width:150px;height:150px\" title=\"\" srcset=\"https:\/\/teselainnova.com\/wp-content\/uploads\/2023\/08\/quality_policy.png 800w, https:\/\/teselainnova.com\/wp-content\/uploads\/2023\/08\/quality_policy-300x300.png 300w, https:\/\/teselainnova.com\/wp-content\/uploads\/2023\/08\/quality_policy-150x150.png 150w, https:\/\/teselainnova.com\/wp-content\/uploads\/2023\/08\/quality_policy-768x768.png 768w, https:\/\/teselainnova.com\/wp-content\/uploads\/2023\/08\/quality_policy-88x88.png 88w\" sizes=\"(max-width: 800px) 100vw, 800px\" \/><\/a><\/figure>\n<\/div>\n\n\n\n<div class=\"wp-block-column is-layout-flow wp-block-column-is-layout-flow\" style=\"flex-basis:66.66%\">\n<h3 class=\"wp-block-heading\">Politique en mati\u00e8re de qualit\u00e9, d&rsquo;environnement et d&rsquo;innovation<\/h3>\n\n\n\n<p class=\"wp-block-paragraph\">TESELA dispose d&rsquo;une politique int\u00e9gr\u00e9e en mati\u00e8re de qualit\u00e9, d&rsquo;environnement et de R&amp;D&amp;I qui d\u00e9finit les principes de son syst\u00e8me de gestion ainsi que son engagement en faveur de l&rsquo;am\u00e9lioration continue, du respect des exigences applicables, du d\u00e9veloppement durable et de l&rsquo;innovation.<\/p>\n\n\n\n<p class=\"wp-block-paragraph\">Cliquez sur l&rsquo;ic\u00f4ne pour consulter et t\u00e9l\u00e9charger la politique.<\/p>\n<\/div>\n<\/div>\n\n<div class=\"wp-block-columns is-layout-flex wp-container-core-columns-is-layout-7387b849 wp-block-columns-is-layout-flex\">\n<div class=\"wp-block-column is-layout-flow wp-block-column-is-layout-flow\" style=\"flex-basis:33.33%\">\n<figure class=\"wp-block-image aligncenter size-full is-resized\"><a href=\"https:\/\/teselainnova.com\/wp-content\/uploads\/2026\/04\/VIS01_-Vision-y-Estrategia-TESELA-2026_Ed4.pdf\" target=\"_blank\" rel=\"noreferrer noopener\"><img decoding=\"async\" width=\"2560\" height=\"2560\" src=\"https:\/\/teselainnova.com\/wp-content\/uploads\/2024\/07\/strategy-vector-icon-3402812230-scaled.jpg\" alt=\"T&#xE9;l&#xE9;charger le document pr&#xE9;sentant la vision et la strat&#xE9;gie de TESELA\" class=\"wp-image-5544\" style=\"width:150px;height:150px\" title=\"\" srcset=\"https:\/\/teselainnova.com\/wp-content\/uploads\/2024\/07\/strategy-vector-icon-3402812230-scaled.jpg 2560w, https:\/\/teselainnova.com\/wp-content\/uploads\/2024\/07\/strategy-vector-icon-3402812230-300x300.jpg 300w, https:\/\/teselainnova.com\/wp-content\/uploads\/2024\/07\/strategy-vector-icon-3402812230-1024x1024.jpg 1024w, https:\/\/teselainnova.com\/wp-content\/uploads\/2024\/07\/strategy-vector-icon-3402812230-150x150.jpg 150w, https:\/\/teselainnova.com\/wp-content\/uploads\/2024\/07\/strategy-vector-icon-3402812230-768x768.jpg 768w, https:\/\/teselainnova.com\/wp-content\/uploads\/2024\/07\/strategy-vector-icon-3402812230-1536x1536.jpg 1536w, https:\/\/teselainnova.com\/wp-content\/uploads\/2024\/07\/strategy-vector-icon-3402812230-2048x2048.jpg 2048w, https:\/\/teselainnova.com\/wp-content\/uploads\/2024\/07\/strategy-vector-icon-3402812230-88x88.jpg 88w, https:\/\/teselainnova.com\/wp-content\/uploads\/2024\/07\/strategy-vector-icon-3402812230-64x64.jpg 64w\" sizes=\"(max-width: 2560px) 100vw, 2560px\" \/><\/a><\/figure>\n<\/div>\n\n\n\n<div class=\"wp-block-column is-layout-flow wp-block-column-is-layout-flow\" style=\"flex-basis:66.66%\">\n<h3 class=\"wp-block-heading\">Vision et strat\u00e9gie de TESELA<\/h3>\n\n\n\n<p class=\"wp-block-paragraph\">TESELA s&rsquo;appuie sur une vision et une strat\u00e9gie d&rsquo;entreprise qui orientent ses objectifs, ses axes d&rsquo;action et ses priorit\u00e9s en mati\u00e8re de mat\u00e9riaux, d&rsquo;innovation, de d\u00e9veloppement durable et de patrimoine.<\/p>\n\n\n\n<p class=\"wp-block-paragraph\">Cliquez sur l&rsquo;ic\u00f4ne pour consulter et t\u00e9l\u00e9charger le document de vision et de strat\u00e9gie.<\/p>\n<\/div>\n<\/div>\n\n<div class=\"wp-block-columns is-layout-flex wp-container-core-columns-is-layout-7387b849 wp-block-columns-is-layout-flex\">\n<div class=\"wp-block-column is-layout-flow wp-block-column-is-layout-flow\" style=\"flex-basis:33.33%\">\n<figure class=\"wp-block-image aligncenter size-thumbnail\"><a href=\"https:\/\/teselainnova.com\/wp-content\/uploads\/2023\/08\/TESELA_PLAN_IGUALDAD_Ed1_2023_FIRMADO_rotated.pdf\" target=\"_blank\" rel=\"noreferrer noopener\"><img decoding=\"async\" width=\"150\" height=\"150\" src=\"https:\/\/teselainnova.com\/wp-content\/uploads\/2023\/08\/igualdad-de-genero-150x150.png\" alt=\"T&#xE9;l&#xE9;charger le plan d&#039;&#xE9;galit&#xE9; de TESELA\" class=\"wp-image-1873\" title=\"\" srcset=\"https:\/\/teselainnova.com\/wp-content\/uploads\/2023\/08\/igualdad-de-genero-150x150.png 150w, https:\/\/teselainnova.com\/wp-content\/uploads\/2023\/08\/igualdad-de-genero-300x300.png 300w, https:\/\/teselainnova.com\/wp-content\/uploads\/2023\/08\/igualdad-de-genero-88x88.png 88w, https:\/\/teselainnova.com\/wp-content\/uploads\/2023\/08\/igualdad-de-genero.png 512w\" sizes=\"(max-width: 150px) 100vw, 150px\" \/><\/a><\/figure>\n<\/div>\n\n\n\n<div class=\"wp-block-column is-layout-flow wp-block-column-is-layout-flow\" style=\"flex-basis:66.66%\">\n<h3 class=\"wp-block-heading\">Plan d&rsquo;\u00e9galit\u00e9<\/h3>\n\n\n\n<p class=\"wp-block-paragraph\">TESELA dispose d&rsquo;un plan d&rsquo;\u00e9galit\u00e9 \u00e0 caract\u00e8re volontaire visant \u00e0 promouvoir l&rsquo;\u00e9galit\u00e9 de traitement et d&rsquo;opportunit\u00e9s et \u00e0 pr\u00e9venir toute forme de discrimination dans le milieu professionnel.<\/p>\n\n\n\n<p class=\"wp-block-paragraph\">Cliquez sur l&rsquo;ic\u00f4ne pour consulter et t\u00e9l\u00e9charger le Plan d&rsquo;\u00e9galit\u00e9.<\/p>\n<\/div>\n<\/div>\n\n<div class=\"wp-block-columns is-layout-flex wp-container-core-columns-is-layout-7387b849 wp-block-columns-is-layout-flex\">\n<div class=\"wp-block-column is-layout-flow wp-block-column-is-layout-flow\" style=\"flex-basis:33.33%\">\n<figure class=\"wp-block-image aligncenter size-full is-resized\"><a href=\"https:\/\/teselainnova.com\/wp-content\/uploads\/2025\/11\/report_2025-a2628-CERTIFICADO-INSCRIPCION_2024_C.pdf\" target=\"_blank\" rel=\" noreferrer noopener\"><img decoding=\"async\" width=\"384\" height=\"544\" src=\"https:\/\/teselainnova.com\/wp-content\/uploads\/2025\/11\/2024_C.jpg\" alt=\"T&#xE9;l&#xE9;charger le certificat d&#039;empreinte carbone de TESELA\" class=\"wp-image-6976\" style=\"width:149px;height:auto\" title=\"\" srcset=\"https:\/\/teselainnova.com\/wp-content\/uploads\/2025\/11\/2024_C.jpg 384w, https:\/\/teselainnova.com\/wp-content\/uploads\/2025\/11\/2024_C-212x300.jpg 212w\" sizes=\"(max-width: 384px) 100vw, 384px\" \/><\/a><\/figure>\n<\/div>\n\n\n\n<div class=\"wp-block-column is-layout-flow wp-block-column-is-layout-flow\" style=\"flex-basis:66.66%\">\n<h3 class=\"wp-block-heading\">Enregistrement de l&#8217;empreinte carbone<\/h3>\n\n\n\n<p class=\"wp-block-paragraph\">TESELA est inscrite au Registre des empreintes carbone, de la compensation carbone et des projets d&rsquo;absorption de CO\u2082 du minist\u00e8re de la Transition \u00e9cologique et du D\u00e9fi d\u00e9mographique.<\/p>\n\n\n\n<ul class=\"wp-block-list\">\n<li>Ann\u00e9e de calcul : 2024. <\/li>\n\n\n\n<li>Type de cachet : Calcul. <\/li>\n\n\n\n<li>Port\u00e9es : 1 et 2. <\/li>\n\n\n\n<li><strong>Limites<\/strong> : activit\u00e9s de prestation de services de R&amp;D&amp;I appliqu\u00e9es aux domaines de la construction et du patrimoine, men\u00e9es au si\u00e8ge de TESELA \u00e0 Padul, Grenade.<\/li>\n<\/ul>\n\n\n\n<p class=\"wp-block-paragraph\">Cliquez sur le logo pour consulter et t\u00e9l\u00e9charger le certificat d&rsquo;inscription.<\/p>\n<\/div>\n<\/div>\n\n<div class=\"wp-block-columns is-layout-flex wp-container-core-columns-is-layout-7387b849 wp-block-columns-is-layout-flex\">\n<div class=\"wp-block-column is-layout-flow wp-block-column-is-layout-flow\" style=\"flex-basis:33.33%\">\n<figure class=\"wp-block-gallery has-nested-images columns-default is-cropped wp-block-gallery-1 is-layout-flex wp-block-gallery-is-layout-flex\">\n<figure class=\"wp-block-image aligncenter size-large\"><a href=\"https:\/\/teselainnova.com\/wp-content\/uploads\/2026\/04\/POC23P1.pdf\" target=\"_blank\" rel=\" noreferrer noopener\"><img decoding=\"async\" width=\"1024\" height=\"546\" data-id=\"6739\" src=\"https:\/\/teselainnova.com\/wp-content\/uploads\/2025\/06\/Proveedores_TESELA-1024x546.jpg\" alt=\"T&#xE9;l&#xE9;charger la proc&#xE9;dure d&#039;&#xE9;valuation des fournisseurs de TESELA\" class=\"wp-image-6739\" title=\"\" srcset=\"https:\/\/teselainnova.com\/wp-content\/uploads\/2025\/06\/Proveedores_TESELA-1024x546.jpg 1024w, https:\/\/teselainnova.com\/wp-content\/uploads\/2025\/06\/Proveedores_TESELA-300x160.jpg 300w, https:\/\/teselainnova.com\/wp-content\/uploads\/2025\/06\/Proveedores_TESELA-768x410.jpg 768w, https:\/\/teselainnova.com\/wp-content\/uploads\/2025\/06\/Proveedores_TESELA-20x11.jpg 20w, https:\/\/teselainnova.com\/wp-content\/uploads\/2025\/06\/Proveedores_TESELA.jpg 1500w\" sizes=\"(max-width: 1024px) 100vw, 1024px\" \/><\/a><\/figure>\n<\/figure>\n<\/div>\n\n\n\n<div class=\"wp-block-column is-layout-flow wp-block-column-is-layout-flow\" style=\"flex-basis:66.66%\">\n<h3 class=\"wp-block-heading\">\u00c9valuation des fournisseurs<\/h3>\n\n\n\n<p class=\"wp-block-paragraph\">TESELA dispose d&rsquo;une proc\u00e9dure g\u00e9n\u00e9rale d&rsquo;\u00e9valuation et de suivi de ses fournisseurs, visant \u00e0 garantir le respect des exigences applicables ainsi que la qualit\u00e9 des produits et services faisant l&rsquo;objet du contrat.<\/p>\n\n\n\n<p class=\"wp-block-paragraph\">Cliquez sur l&rsquo;image pour consulter et t\u00e9l\u00e9charger la proc\u00e9dure d&rsquo;\u00e9valuation des fournisseurs.<\/p>\n<\/div>\n<\/div>\n\n<h2 class=\"wp-block-heading\">Informations sur les certifications et les politiques<\/h2>\n\n<p class=\"wp-block-paragraph\">Si vous souhaitez obtenir plus d&rsquo;informations sur nos certifications, nos politiques d&rsquo;entreprise ou nos syst\u00e8mes de gestion, vous pouvez contacter l&rsquo;\u00e9quipe de TESELA.<\/p>\n\n<div class=\"wp-block-buttons is-layout-flex wp-block-buttons-is-layout-flex\">\n<div class=\"wp-block-button\"><a class=\"wp-block-button__link wp-element-button\" href=\"https:\/\/teselainnova.com\/fr\/contact\/\" rel=\"noreferrer\">Contacter TESELA<\/a><\/div>\n<\/div>\n","protected":false},"excerpt":{"rendered":"<p>TESELA s&rsquo;engage en faveur de la qualit\u00e9, de la gestion environnementale, de l&rsquo;innovation et de l&rsquo;am\u00e9lioration continue. Sur cette page, vous pouvez consulter nos certifications, nos politiques d&rsquo;entreprise et nos autres distinctions, ainsi que t\u00e9l\u00e9charger les documents justificatifs correspondants. Certifications en mati\u00e8re de qualit\u00e9, d&rsquo;environnement et d&rsquo;innovation ISO 9001:2015 \u2013 Syst\u00e8me de gestion de la [&hellip;]<\/p>\n","protected":false},"author":2,"featured_media":1928,"parent":2098,"menu_order":2,"comment_status":"closed","ping_status":"closed","template":"","meta":{"_acf_changed":false,"footnotes":""},"class_list":["post-2106","page","type-page","status-publish","has-post-thumbnail","hentry"],"acf":[],"_links":{"self":[{"href":"https:\/\/teselainnova.com\/fr\/wp-json\/wp\/v2\/pages\/2106","targetHints":{"allow":["GET"]}}],"collection":[{"href":"https:\/\/teselainnova.com\/fr\/wp-json\/wp\/v2\/pages"}],"about":[{"href":"https:\/\/teselainnova.com\/fr\/wp-json\/wp\/v2\/types\/page"}],"author":[{"embeddable":true,"href":"https:\/\/teselainnova.com\/fr\/wp-json\/wp\/v2\/users\/2"}],"replies":[{"embeddable":true,"href":"https:\/\/teselainnova.com\/fr\/wp-json\/wp\/v2\/comments?post=2106"}],"version-history":[{"count":2,"href":"https:\/\/teselainnova.com\/fr\/wp-json\/wp\/v2\/pages\/2106\/revisions"}],"predecessor-version":[{"id":8101,"href":"https:\/\/teselainnova.com\/fr\/wp-json\/wp\/v2\/pages\/2106\/revisions\/8101"}],"up":[{"embeddable":true,"href":"https:\/\/teselainnova.com\/fr\/wp-json\/wp\/v2\/pages\/2098"}],"wp:featuredmedia":[{"embeddable":true,"href":"https:\/\/teselainnova.com\/fr\/wp-json\/wp\/v2\/media\/1928"}],"wp:attachment":[{"href":"https:\/\/teselainnova.com\/fr\/wp-json\/wp\/v2\/media?parent=2106"}],"curies":[{"name":"wp","href":"https:\/\/api.w.org\/{rel}","templated":true}]}}