{"id":2068,"date":"2023-05-31T17:18:54","date_gmt":"2023-05-31T15:18:54","guid":{"rendered":"https:\/\/teselainnova.com\/alliances-strategiques\/"},"modified":"2026-09-01T10:22:40","modified_gmt":"2026-09-01T08:22:40","slug":"partenariats-strategiques","status":"publish","type":"page","link":"https:\/\/teselainnova.com\/fr\/decouvrez-nous\/partenariats-strategiques\/","title":{"rendered":"Alliances strat\u00e9giques"},"content":{"rendered":"\n<p class=\"wp-block-paragraph\">TESELA collabore avec des universit\u00e9s, des centres technologiques, des p\u00f4les d&rsquo;activit\u00e9 et des organismes professionnels afin de promouvoir la recherche appliqu\u00e9e, l&rsquo;innovation dans le domaine des mat\u00e9riaux, la construction durable et la conservation du patrimoine. Ces partenariats permettent de partager des connaissances, de participer \u00e0 des projets et d&rsquo;\u00e9largir les capacit\u00e9s techniques de l&rsquo;entreprise. <\/p>\n\n<h2 class=\"wp-block-heading\">Organismes et r\u00e9seaux partenaires<\/h2>\n\n<div class=\"wp-block-columns is-layout-flex wp-container-core-columns-is-layout-7387b849 wp-block-columns-is-layout-flex\">\n<div class=\"wp-block-column is-layout-flow wp-block-column-is-layout-flow\" style=\"flex-basis:33.33%\">\n<figure class=\"wp-block-image aligncenter size-full\"><a href=\"https:\/\/clustercsa.com\/\" target=\"_blank\" rel=\" noopener\"><img decoding=\"async\" width=\"248\" height=\"211\" src=\"https:\/\/teselainnova.com\/wp-content\/uploads\/2023\/06\/cluster_CSA.png\" alt=\"Logo du P&#xF4;le de la construction durable d&#039;Andalousie\" class=\"wp-image-724\" title=\"\"><\/a><\/figure>\n<\/div>\n\n\n\n<div class=\"wp-block-column is-layout-flow wp-block-column-is-layout-flow\" style=\"flex-basis:66.66%\">\n<h3 class=\"wp-block-heading\">Cl\u00faster de la Construcci\u00f3n Sostenible de Andaluc\u00eda<\/h3>\n\n\n\n<p class=\"wp-block-paragraph\">TESELA est une entit\u00e9 associ\u00e9e au P\u00f4le de la construction durable d&rsquo;Andalousie et a son si\u00e8ge social dans ses locaux, situ\u00e9s \u00e0 Padul, pr\u00e8s de Grenade.<\/p>\n<\/div>\n<\/div>\n\n<div class=\"wp-block-columns is-layout-flex wp-container-core-columns-is-layout-7387b849 wp-block-columns-is-layout-flex\">\n<div class=\"wp-block-column is-layout-flow wp-block-column-is-layout-flow\" style=\"flex-basis:33.33%\">\n<figure class=\"wp-block-image aligncenter size-large is-resized\"><a href=\"https:\/\/www.ugr.es\/\" target=\"_blank\" rel=\"noreferrer noopener\"><img decoding=\"async\" width=\"1024\" height=\"576\" src=\"https:\/\/teselainnova.com\/wp-content\/uploads\/2023\/06\/UGR-Logo-1024x576.png\" alt=\"Logo de l&#039;universit&#xE9; de Grenade\" class=\"wp-image-729\" style=\"width:256px;height:144px\" title=\"\" srcset=\"https:\/\/teselainnova.com\/wp-content\/uploads\/2023\/06\/UGR-Logo-1024x576.png 1024w, https:\/\/teselainnova.com\/wp-content\/uploads\/2023\/06\/UGR-Logo-300x169.png 300w, https:\/\/teselainnova.com\/wp-content\/uploads\/2023\/06\/UGR-Logo-768x432.png 768w, https:\/\/teselainnova.com\/wp-content\/uploads\/2023\/06\/UGR-Logo.png 1280w\" sizes=\"(max-width: 1024px) 100vw, 1024px\" \/><\/a><\/figure>\n<\/div>\n\n\n\n<div class=\"wp-block-column is-layout-flow wp-block-column-is-layout-flow\" style=\"flex-basis:66.66%\">\n<h3 class=\"wp-block-heading\">Universit\u00e9 de Grenade<\/h3>\n\n\n\n<p class=\"wp-block-paragraph\">TESELA a conclu un accord de collaboration avec l&rsquo;Universit\u00e9 de Grenade, par l&rsquo;interm\u00e9diaire du d\u00e9partement de min\u00e9ralogie et de p\u00e9trologie, afin de renforcer le transfert de connaissances et la coop\u00e9ration scientifique dans le domaine des mat\u00e9riaux et du patrimoine.<\/p>\n<\/div>\n<\/div>\n\n<div class=\"wp-block-columns is-layout-flex wp-container-core-columns-is-layout-7387b849 wp-block-columns-is-layout-flex\">\n<div class=\"wp-block-column is-layout-flow wp-block-column-is-layout-flow\" style=\"flex-basis:33.33%\">\n<figure class=\"wp-block-image aligncenter size-full is-resized\"><a href=\"https:\/\/plataformaptec.es\/\" target=\"_blank\" rel=\"noreferrer noopener\"><img decoding=\"async\" width=\"330\" height=\"144\" src=\"https:\/\/teselainnova.com\/wp-content\/uploads\/2023\/06\/ptec-logo-leyenda.png\" alt=\"Logo de la Plateforme technologique espagnole de la construction\" class=\"wp-image-727\" style=\"width:248px;height:108px\" title=\"\" srcset=\"https:\/\/teselainnova.com\/wp-content\/uploads\/2023\/06\/ptec-logo-leyenda.png 330w, https:\/\/teselainnova.com\/wp-content\/uploads\/2023\/06\/ptec-logo-leyenda-300x131.png 300w\" sizes=\"(max-width: 330px) 100vw, 330px\" \/><\/a><\/figure>\n<\/div>\n\n\n\n<div class=\"wp-block-column is-layout-flow wp-block-column-is-layout-flow\" style=\"flex-basis:66.66%\">\n<h3 class=\"wp-block-heading\">Plateforme technologique espagnole de la construction (PTEC)<\/h3>\n\n\n\n<p class=\"wp-block-paragraph\">TESELA fait partie de la Plateforme technologique espagnole de la construction, un r\u00e9seau visant \u00e0 promouvoir la recherche, l&rsquo;innovation et la collaboration entre les acteurs du secteur de la construction.<\/p>\n<\/div>\n<\/div>\n\n<div class=\"wp-block-columns is-layout-flex wp-container-core-columns-is-layout-7387b849 wp-block-columns-is-layout-flex\">\n<div class=\"wp-block-column is-layout-flow wp-block-column-is-layout-flow\" style=\"flex-basis:33.33%\">\n<figure class=\"wp-block-image aligncenter size-full is-resized\"><a href=\"https:\/\/pti-pais.csic.es\/\" target=\"_blank\" rel=\"noreferrer noopener\"><img decoding=\"async\" width=\"697\" height=\"221\" src=\"https:\/\/teselainnova.com\/wp-content\/uploads\/2023\/06\/Logo-completo-CSIC-PTI-PAIS.png\" alt=\"Logo de la plateforme PTI-PAIS du CSIC\" class=\"wp-image-732\" style=\"width:349px;height:111px\" title=\"\" srcset=\"https:\/\/teselainnova.com\/wp-content\/uploads\/2023\/06\/Logo-completo-CSIC-PTI-PAIS.png 697w, https:\/\/teselainnova.com\/wp-content\/uploads\/2023\/06\/Logo-completo-CSIC-PTI-PAIS-300x95.png 300w\" sizes=\"(max-width: 697px) 100vw, 697px\" \/><\/a><\/figure>\n<\/div>\n\n\n\n<div class=\"wp-block-column is-layout-flow wp-block-column-is-layout-flow\" style=\"flex-basis:66.66%\">\n<h3 class=\"wp-block-heading\">Plateforme \u00ab Patrimoine ouvert : recherche et soci\u00e9t\u00e9 \u00bb (PTI-PAIS CSIC)<\/h3>\n\n\n\n<p class=\"wp-block-paragraph\">TESELA fait partie de la plateforme \u00ab Patrimoine ouvert : recherche et soci\u00e9t\u00e9 \u00bb du CSIC, qui vise \u00e0 promouvoir la recherche, l&rsquo;innovation et le transfert de connaissances dans le domaine du patrimoine culturel.<\/p>\n<\/div>\n<\/div>\n\n<div class=\"wp-block-columns is-layout-flex wp-container-core-columns-is-layout-7387b849 wp-block-columns-is-layout-flex\">\n<div class=\"wp-block-column is-layout-flow wp-block-column-is-layout-flow\" style=\"flex-basis:33.33%\">\n<figure class=\"wp-block-image aligncenter size-large is-resized\"><a href=\"https:\/\/www.ismc-iberiamine.com\/\" target=\"_blank\" rel=\"noreferrer noopener\"><img decoding=\"async\" width=\"1024\" height=\"553\" src=\"https:\/\/teselainnova.com\/wp-content\/uploads\/2023\/06\/zyro-image-1-1024x553.png\" alt=\"Logo du p&#xF4;le de l&#039;exploitation mini&#xE8;re durable\" class=\"wp-image-1320\" style=\"width:256px;height:138px\" title=\"\" srcset=\"https:\/\/teselainnova.com\/wp-content\/uploads\/2023\/06\/zyro-image-1-1024x553.png 1024w, https:\/\/teselainnova.com\/wp-content\/uploads\/2023\/06\/zyro-image-1-300x162.png 300w, https:\/\/teselainnova.com\/wp-content\/uploads\/2023\/06\/zyro-image-1-768x415.png 768w, https:\/\/teselainnova.com\/wp-content\/uploads\/2023\/06\/zyro-image-1.png 1200w\" sizes=\"(max-width: 1024px) 100vw, 1024px\" \/><\/a><\/figure>\n<\/div>\n\n\n\n<div class=\"wp-block-column is-layout-flow wp-block-column-is-layout-flow\" style=\"flex-basis:66.66%\">\n<h3 class=\"wp-block-heading\">P\u00f4le de l&rsquo;exploitation mini\u00e8re durable<\/h3>\n\n\n\n<p class=\"wp-block-paragraph\">TESELA est un organisme associ\u00e9 au Cluster de l&rsquo;exploitation mini\u00e8re durable, un r\u00e9seau qui encourage la coop\u00e9ration, l&rsquo;innovation et le d\u00e9veloppement durable dans les activit\u00e9s li\u00e9es aux ressources min\u00e9rales et \u00e0 leurs applications.<\/p>\n<\/div>\n<\/div>\n\n<div class=\"wp-block-columns is-layout-flex wp-container-core-columns-is-layout-7387b849 wp-block-columns-is-layout-flex\">\n<div class=\"wp-block-column is-layout-flow wp-block-column-is-layout-flow\" style=\"flex-basis:33.33%\">\n<figure class=\"wp-block-image aligncenter size-full is-resized\"><a href=\"https:\/\/digitalheritagelab.com\/\" target=\"_blank\" rel=\"noreferrer noopener\"><img decoding=\"async\" width=\"422\" height=\"211\" src=\"https:\/\/teselainnova.com\/wp-content\/uploads\/2023\/06\/UNESCO-uniTwin-Logo-1.png\" alt=\"Logo des chaires UNESCO et ERA sur le patrimoine culturel num&#xE9;rique\" class=\"wp-image-739\" style=\"width:211px;height:106px\" title=\"\" srcset=\"https:\/\/teselainnova.com\/wp-content\/uploads\/2023\/06\/UNESCO-uniTwin-Logo-1.png 422w, https:\/\/teselainnova.com\/wp-content\/uploads\/2023\/06\/UNESCO-uniTwin-Logo-1-300x150.png 300w\" sizes=\"(max-width: 422px) 100vw, 422px\" \/><\/a><\/figure>\n<\/div>\n\n\n\n<div class=\"wp-block-column is-layout-flow wp-block-column-is-layout-flow\" style=\"flex-basis:66.66%\">\n<h3 class=\"wp-block-heading\">Chaires UNESCO et ERA sur le patrimoine culturel num\u00e9rique<\/h3>\n\n\n\n<p class=\"wp-block-paragraph\" id=\"tw-target-text\">TESELA a conclu un accord de coop\u00e9ration avec la Chaire UNESCO sur le patrimoine culturel num\u00e9rique et la Chaire ERA de l&rsquo;Union europ\u00e9enne sur le patrimoine culturel num\u00e9rique de l&rsquo;Universit\u00e9 technologique de Chypre. Cette collaboration favorise la coop\u00e9ration scientifique et culturelle en mati\u00e8re de documentation, d&rsquo;\u00e9tude et de conservation du patrimoine culturel. <\/p>\n<\/div>\n<\/div>\n\n<div class=\"wp-block-columns is-layout-flex wp-container-core-columns-is-layout-7387b849 wp-block-columns-is-layout-flex\">\n<div class=\"wp-block-column is-layout-flow wp-block-column-is-layout-flow\" style=\"flex-basis:33.33%\">\n<figure class=\"wp-block-image aligncenter size-thumbnail\"><a href=\"https:\/\/www.ajeandalucia.org\/granada\/\" target=\"_blank\" rel=\" noopener\"><img decoding=\"async\" width=\"150\" height=\"150\" src=\"https:\/\/teselainnova.com\/wp-content\/uploads\/2023\/08\/AJE_logo-150x150.png\" alt=\"Logo de l&#039;Association des jeunes entrepreneurs de Grenade\" class=\"wp-image-2006\" title=\"\" srcset=\"https:\/\/teselainnova.com\/wp-content\/uploads\/2023\/08\/AJE_logo-150x150.png 150w, https:\/\/teselainnova.com\/wp-content\/uploads\/2023\/08\/AJE_logo-768x768.png 768w, https:\/\/teselainnova.com\/wp-content\/uploads\/2023\/08\/AJE_logo-88x88.png 88w\" sizes=\"(max-width: 150px) 100vw, 150px\" \/><\/a><\/figure>\n<\/div>\n\n\n\n<div class=\"wp-block-column is-layout-flow wp-block-column-is-layout-flow\" style=\"flex-basis:66.66%\">\n<h3 class=\"wp-block-heading\">Association des jeunes entrepreneurs de Grenade (AJE Grenade)<\/h3>\n\n\n\n<p class=\"wp-block-paragraph\">TESELA fait partie de l&rsquo;Association des jeunes entrepreneurs de Grenade, une organisation qui encourage l&rsquo;entrepreneuriat, la collaboration entre entreprises et le d\u00e9veloppement du tissu \u00e9conomique de la province.<\/p>\n<\/div>\n<\/div>\n\n<div class=\"wp-block-columns is-layout-flex wp-container-core-columns-is-layout-7387b849 wp-block-columns-is-layout-flex\">\n<div class=\"wp-block-column is-layout-flow wp-block-column-is-layout-flow\" style=\"flex-basis:33.33%\">\n<figure class=\"wp-block-image aligncenter size-full is-resized\"><a href=\"https:\/\/www.ge-iic.com\/socios\/empresas-comerciales\/\" target=\"_blank\" rel=\" noopener\"><img decoding=\"async\" width=\"514\" height=\"160\" src=\"https:\/\/teselainnova.com\/wp-content\/uploads\/2024\/01\/GEIIC.jpeg\" alt=\"Logo du Groupe espagnol de conservation GE-IIC\" class=\"wp-image-3935\" style=\"width:343px;height:auto\" title=\"\" srcset=\"https:\/\/teselainnova.com\/wp-content\/uploads\/2024\/01\/GEIIC.jpeg 514w, https:\/\/teselainnova.com\/wp-content\/uploads\/2024\/01\/GEIIC-300x93.jpeg 300w, https:\/\/teselainnova.com\/wp-content\/uploads\/2024\/01\/GEIIC-20x6.jpeg 20w\" sizes=\"(max-width: 514px) 100vw, 514px\" \/><\/a><\/figure>\n<\/div>\n\n\n\n<div class=\"wp-block-column is-layout-flow wp-block-column-is-layout-flow\" style=\"flex-basis:66.66%\">\n<h3 class=\"wp-block-heading\">Groupe espagnol de conservation de l&rsquo;Institut international de conservation (GE-IIC)<\/h3>\n\n\n\n<p class=\"wp-block-paragraph\">TESELA est une entreprise partenaire du Groupe espagnol de conservation de l&rsquo;International Institute for Conservation, une association qui rassemble des professionnels de la conservation-restauration issus des domaines de la science, de l&rsquo;art, de l&rsquo;histoire, de la recherche et de l&rsquo;\u00e9ducation.<\/p>\n<\/div>\n<\/div>\n\n<div class=\"wp-block-columns is-layout-flex wp-container-core-columns-is-layout-7387b849 wp-block-columns-is-layout-flex\">\n<div class=\"wp-block-column is-layout-flow wp-block-column-is-layout-flow\" style=\"flex-basis:33.33%\">\n<figure class=\"wp-block-image aligncenter size-full is-resized\"><a href=\"https:\/\/www.asociaciones.hispanianostra.org\/asociacion\/tesela-materiales-innovacion-y-patrimonio-s-l\/\" target=\"_blank\" rel=\" noopener\"><img decoding=\"async\" width=\"1000\" height=\"1000\" src=\"https:\/\/teselainnova.com\/wp-content\/uploads\/2024\/04\/logo_HN.png\" alt=\"Logo d&#039;Hispania Nostra\" class=\"wp-image-5230\" style=\"width:128px;height:auto\" title=\"\" srcset=\"https:\/\/teselainnova.com\/wp-content\/uploads\/2024\/04\/logo_HN.png 1000w, https:\/\/teselainnova.com\/wp-content\/uploads\/2024\/04\/logo_HN-300x300.png 300w, https:\/\/teselainnova.com\/wp-content\/uploads\/2024\/04\/logo_HN-150x150.png 150w, https:\/\/teselainnova.com\/wp-content\/uploads\/2024\/04\/logo_HN-768x768.png 768w, https:\/\/teselainnova.com\/wp-content\/uploads\/2024\/04\/logo_HN-88x88.png 88w, https:\/\/teselainnova.com\/wp-content\/uploads\/2024\/04\/logo_HN-64x64.png 64w\" sizes=\"(max-width: 1000px) 100vw, 1000px\" \/><\/a><\/figure>\n<\/div>\n\n\n\n<div class=\"wp-block-column is-layout-flow wp-block-column-is-layout-flow\" style=\"flex-basis:66.66%\">\n<h3 class=\"wp-block-heading\">Hispania Nostra<\/h3>\n\n\n\n<p class=\"wp-block-paragraph\">TESELA est une entreprise membre d&rsquo;Hispania Nostra, sous le num\u00e9ro d&rsquo;adh\u00e9rent 3130. Cette association, reconnue d&rsquo;utilit\u00e9 publique, \u0153uvre depuis 1976 \u00e0 la d\u00e9fense, \u00e0 la promotion et \u00e0 la mise en valeur du patrimoine culturel et naturel en tant que ressource pour le d\u00e9veloppement social et \u00e9conomique. <\/p>\n<\/div>\n<\/div>\n\n<div class=\"wp-block-columns is-layout-flex wp-container-core-columns-is-layout-7387b849 wp-block-columns-is-layout-flex\">\n<div class=\"wp-block-column is-layout-flow wp-block-column-is-layout-flow\" style=\"flex-basis:33.33%\">\n<figure class=\"wp-block-image aligncenter size-large is-resized\"><a href=\"https:\/\/www.ainia.com\/\" target=\"_blank\" rel=\" noopener\"><img decoding=\"async\" width=\"1024\" height=\"431\" src=\"https:\/\/teselainnova.com\/wp-content\/uploads\/2025\/05\/logo-ainia-1024x431.jpg\" alt=\"Logo d&#039;AINIA, centre technologique\" class=\"wp-image-6579\" style=\"width:373px;height:auto\" title=\"\" srcset=\"https:\/\/teselainnova.com\/wp-content\/uploads\/2025\/05\/logo-ainia-1024x431.jpg 1024w, https:\/\/teselainnova.com\/wp-content\/uploads\/2025\/05\/logo-ainia-300x126.jpg 300w, https:\/\/teselainnova.com\/wp-content\/uploads\/2025\/05\/logo-ainia-768x323.jpg 768w, https:\/\/teselainnova.com\/wp-content\/uploads\/2025\/05\/logo-ainia-1536x647.jpg 1536w, https:\/\/teselainnova.com\/wp-content\/uploads\/2025\/05\/logo-ainia-2048x862.jpg 2048w, https:\/\/teselainnova.com\/wp-content\/uploads\/2025\/05\/logo-ainia-20x8.jpg 20w\" sizes=\"(max-width: 1024px) 100vw, 1024px\" \/><\/a><\/figure>\n<\/div>\n\n\n\n<div class=\"wp-block-column is-layout-flow wp-block-column-is-layout-flow\" style=\"flex-basis:66.66%\">\n<h3 class=\"wp-block-heading\">AINIA Centre technologique<\/h3>\n\n\n\n<p class=\"wp-block-paragraph\">TESELA est une entreprise associ\u00e9e \u00e0 AINIA, un centre technologique priv\u00e9 sp\u00e9cialis\u00e9 dans la R&amp;D&amp;I, l&rsquo;innovation appliqu\u00e9e et le d\u00e9veloppement de solutions pour les entreprises et les secteurs productifs.<\/p>\n<\/div>\n<\/div>\n\n<div class=\"wp-block-columns is-layout-flex wp-container-core-columns-is-layout-7387b849 wp-block-columns-is-layout-flex\">\n<div class=\"wp-block-column is-layout-flow wp-block-column-is-layout-flow\" style=\"flex-basis:33.33%\">\n<figure class=\"wp-block-image aligncenter size-full is-resized\"><a href=\"https:\/\/www.dimera.pt\/\" target=\"_blank\" rel=\" noopener\"><img decoding=\"async\" width=\"274\" height=\"240\" src=\"https:\/\/teselainnova.com\/wp-content\/uploads\/2026\/04\/dimera.png\" alt=\"Logo de DIMERA\" class=\"wp-image-7306\" style=\"width:304px;height:auto\" title=\"\" srcset=\"https:\/\/teselainnova.com\/wp-content\/uploads\/2026\/04\/dimera.png 274w, https:\/\/teselainnova.com\/wp-content\/uploads\/2026\/04\/dimera-20x18.png 20w\" sizes=\"(max-width: 274px) 100vw, 274px\" \/><\/a><\/figure>\n<\/div>\n\n\n\n<div class=\"wp-block-column is-layout-flow wp-block-column-is-layout-flow\" style=\"flex-basis:66.66%\">\n<h3 class=\"wp-block-heading\">DIMERA<\/h3>\n\n\n\n<p class=\"wp-block-paragraph\">TESELA et DIMERA ont conclu un accord de coop\u00e9ration visant \u00e0 d\u00e9velopper des projets scientifiques et technologiques et \u00e0 rechercher des opportunit\u00e9s de collaboration.<\/p>\n<\/div>\n<\/div>\n\n<div class=\"wp-block-columns is-layout-flex wp-container-core-columns-is-layout-7387b849 wp-block-columns-is-layout-flex\">\n<div class=\"wp-block-column is-layout-flow wp-block-column-is-layout-flow\" style=\"flex-basis:33.33%\">\n<figure class=\"wp-block-image aligncenter size-full is-resized\"><a href=\"https:\/\/www.aeice.org\/\" target=\"_blank\" rel=\" noreferrer noopener\"><img decoding=\"async\" width=\"600\" height=\"400\" src=\"https:\/\/teselainnova.com\/wp-content\/uploads\/2026\/05\/AEICE_logo.png\" alt=\"Logo de l&#039;AEICE &#x2013; P&#xF4;le de l&#039;habitat efficace\" class=\"wp-image-7469\" style=\"aspect-ratio:1.500027380756804;width:338px;height:auto\" title=\"\" srcset=\"https:\/\/teselainnova.com\/wp-content\/uploads\/2026\/05\/AEICE_logo.png 600w, https:\/\/teselainnova.com\/wp-content\/uploads\/2026\/05\/AEICE_logo-300x200.png 300w, https:\/\/teselainnova.com\/wp-content\/uploads\/2026\/05\/AEICE_logo-20x13.png 20w\" sizes=\"(max-width: 600px) 100vw, 600px\" \/><\/a><\/figure>\n<\/div>\n\n\n\n<div class=\"wp-block-column is-layout-flow wp-block-column-is-layout-flow\" style=\"flex-basis:66.66%\">\n<h3 class=\"wp-block-heading\">AEICE \u2013 P\u00f4le de l&rsquo;habitat efficace<\/h3>\n\n\n\n<p class=\"wp-block-paragraph\">TESELA est une entreprise membre de l&rsquo;AEICE \u2013 P\u00f4le de l&rsquo;habitat efficace, une entit\u00e9 priv\u00e9e \u00e0 but non lucratif qui favorise la comp\u00e9titivit\u00e9 par l&rsquo;innovation, la collaboration, la formation, l&rsquo;internationalisation et la communication.<\/p>\n<\/div>\n<\/div>\n\n<h2 class=\"wp-block-heading\">Collaborez avec TESELA<\/h2>\n\n<p class=\"wp-block-paragraph\">TESELA est ouverte \u00e0 la cr\u00e9ation de nouveaux partenariats avec des entreprises, des universit\u00e9s, des centres technologiques et d&rsquo;autres entit\u00e9s souhaitant d\u00e9velopper des projets dans les domaines de la recherche, de l&rsquo;innovation, des mat\u00e9riaux, de la construction et du patrimoine.<\/p>\n\n<div class=\"wp-block-buttons is-layout-flex wp-block-buttons-is-layout-flex\">\n<div class=\"wp-block-button\"><a class=\"wp-block-button__link wp-element-button\" href=\"https:\/\/teselainnova.com\/fr\/decouvrez-nous\/facons-de-collaborer-avec-nous\/\" rel=\"noreferrer\">D\u00e9couvrir les diff\u00e9rentes formes de collaboration<\/a><\/div>\n<\/div>\n","protected":false},"excerpt":{"rendered":"<p>TESELA collabore avec des universit\u00e9s, des centres technologiques, des p\u00f4les d&rsquo;activit\u00e9 et des organismes professionnels afin de promouvoir la recherche appliqu\u00e9e, l&rsquo;innovation dans le domaine des mat\u00e9riaux, la construction durable et la conservation du patrimoine. Ces partenariats permettent de partager des connaissances, de participer \u00e0 des projets et d&rsquo;\u00e9largir les capacit\u00e9s techniques de l&rsquo;entreprise. Organismes [&hellip;]<\/p>\n","protected":false},"author":1,"featured_media":1744,"parent":2098,"menu_order":5,"comment_status":"closed","ping_status":"closed","template":"","meta":{"_acf_changed":false,"footnotes":""},"class_list":["post-2068","page","type-page","status-publish","has-post-thumbnail","hentry"],"acf":[],"_links":{"self":[{"href":"https:\/\/teselainnova.com\/fr\/wp-json\/wp\/v2\/pages\/2068","targetHints":{"allow":["GET"]}}],"collection":[{"href":"https:\/\/teselainnova.com\/fr\/wp-json\/wp\/v2\/pages"}],"about":[{"href":"https:\/\/teselainnova.com\/fr\/wp-json\/wp\/v2\/types\/page"}],"author":[{"embeddable":true,"href":"https:\/\/teselainnova.com\/fr\/wp-json\/wp\/v2\/users\/1"}],"replies":[{"embeddable":true,"href":"https:\/\/teselainnova.com\/fr\/wp-json\/wp\/v2\/comments?post=2068"}],"version-history":[{"count":4,"href":"https:\/\/teselainnova.com\/fr\/wp-json\/wp\/v2\/pages\/2068\/revisions"}],"predecessor-version":[{"id":8070,"href":"https:\/\/teselainnova.com\/fr\/wp-json\/wp\/v2\/pages\/2068\/revisions\/8070"}],"up":[{"embeddable":true,"href":"https:\/\/teselainnova.com\/fr\/wp-json\/wp\/v2\/pages\/2098"}],"wp:featuredmedia":[{"embeddable":true,"href":"https:\/\/teselainnova.com\/fr\/wp-json\/wp\/v2\/media\/1744"}],"wp:attachment":[{"href":"https:\/\/teselainnova.com\/fr\/wp-json\/wp\/v2\/media?parent=2068"}],"curies":[{"name":"wp","href":"https:\/\/api.w.org\/{rel}","templated":true}]}}